{"id":172,"date":"2019-05-17T17:49:49","date_gmt":"2019-05-17T15:49:49","guid":{"rendered":"http:\/\/unebonnemassesolaire.fr\/?post_type=portfolio&#038;p=172"},"modified":"2021-10-17T21:49:00","modified_gmt":"2021-10-17T19:49:00","slug":"glissades-horizons-et-carapaces","status":"publish","type":"portfolio","link":"https:\/\/unebonnemassesolaire.fr\/?portfolio=glissades-horizons-et-carapaces","title":{"rendered":"glissades, horizons et carapaces"},"content":{"rendered":"<p><img loading=\"lazy\" class=\"alignnone size-large wp-image-175\" src=\"http:\/\/unebonnemassesolaire.fr\/wp-content\/uploads\/2019\/05\/P1040796-300x200.jpg\" alt=\"\" width=\"900\" height=\"600\" srcset=\"https:\/\/unebonnemassesolaire.fr\/wp-content\/uploads\/2019\/05\/P1040796-300x200.jpg 300w, https:\/\/unebonnemassesolaire.fr\/wp-content\/uploads\/2019\/05\/P1040796-768x513.jpg 768w, https:\/\/unebonnemassesolaire.fr\/wp-content\/uploads\/2019\/05\/P1040796-1024x684.jpg 1024w, https:\/\/unebonnemassesolaire.fr\/wp-content\/uploads\/2019\/05\/P1040796-738x493.jpg 738w, https:\/\/unebonnemassesolaire.fr\/wp-content\/uploads\/2019\/05\/P1040796-1458x973.jpg 1458w, https:\/\/unebonnemassesolaire.fr\/wp-content\/uploads\/2019\/05\/P1040796-996x665.jpg 996w, https:\/\/unebonnemassesolaire.fr\/wp-content\/uploads\/2019\/05\/P1040796-1992x1330.jpg 1992w\" sizes=\"(max-width: 900px) 100vw, 900px\" \/><\/p>\n<p><em>r\u00e9sidence \u00e0 La Fonderie, Le mans, avril 2019<\/em><\/p>\n<p>&nbsp;<\/p>\n<p><em>glissades, horizons et carapaces<\/em> interroge le paysage contemporain<br \/>\ndans ses formes de fragilit\u00e9s, d\u2019\u00e9rosions et de frottements pour en faire<br \/>\nune recherche commune \u00e0 travers l\u2019\u00e9criture et la performance. Il y est<br \/>\nquestion de diversit\u00e9 contamin\u00e9e, de frottements entre diff\u00e9rentes cultures,<br \/>\nde basculements psychiques, de ruines et de formes de r\u00e9surgences.<br \/>\nC\u2019est un travail qui s\u2019exprime et s\u2019organise comme un dispositif\u00a0alliant<br \/>\ndes textes \u00e9crits et retravaill\u00e9s, accompagn\u00e9s et accompagnant des<br \/>\ntemps de performances des fois avec un public participant activement \u00e0<br \/>\nces instants de recherche.<br \/>\nNous nous posons \u00e0 chaque performance la question de la place d\u2019un corps,<br \/>\nd\u2019un texte, d\u2019une situation, en invitant les publics pr\u00e9sents \u00e0 ce moment \u00e0 se<br \/>\nposer ces questions avec nous.<\/p>\n<p>Pour chaque performance propos\u00e9e au sein de <em>glissades, horizons et<br \/>\ncarapaces<\/em> un protocole est \u00e9tabli par nous, \u00e9crit, affich\u00e9 et expliqu\u00e9 en d\u00e9but de<br \/>\nperformance \u00e0 l\u2019intention de tous les participants. Ces temps sont r\u00e9fl\u00e9chis pour<br \/>\nque ce qui \u00e9merge de chaque performance vienne influencer notre \u00e9criture et<br \/>\nla mani\u00e8re dont nous remodelons nos textes. Il existe ainsi une v\u00e9ritable porosit\u00e9,<br \/>\nun aller retour entre \u00e9criture et performance.<\/p>\n<p>Trois temps d&rsquo;\u00e9criture ont eut lieu et une premi\u00e8re performance o\u00f9<br \/>\nle \u00ab\u00a0protocole num\u00e9ro 1\u00a0\u00bb a \u00e9t\u00e9 appliqu\u00e9. Deux nouveaux protocoles sont pr\u00e9vus<br \/>\npour l&rsquo;\u00e9t\u00e9 2019 ainsi que 3 sessions d&rsquo;\u00e9criture.<\/p>\n<p>Une forme d\u2019\u00e9dition est attendue en octobre 2019.<\/p>\n<p>avec juliette lamas, quentin lacroix et yusha ly<\/p>\n<p>&nbsp;<\/p>\n<p>&nbsp;<\/p>\n<p>&nbsp;<\/p>\n<p>&nbsp;<\/p>\n<div id='gallery-1' class='gallery galleryid-172 gallery-columns-3 gallery-size-medium'><figure class='gallery-item'>\n\t\t\t<div class='gallery-icon landscape'>\n\t\t\t\t<a href='https:\/\/unebonnemassesolaire.fr\/?attachment_id=174'><img width=\"300\" height=\"200\" src=\"https:\/\/unebonnemassesolaire.fr\/wp-content\/uploads\/2019\/05\/P1040792-300x200.jpg\" class=\"attachment-medium size-medium\" alt=\"\" loading=\"lazy\" srcset=\"https:\/\/unebonnemassesolaire.fr\/wp-content\/uploads\/2019\/05\/P1040792-300x200.jpg 300w, https:\/\/unebonnemassesolaire.fr\/wp-content\/uploads\/2019\/05\/P1040792-768x513.jpg 768w, https:\/\/unebonnemassesolaire.fr\/wp-content\/uploads\/2019\/05\/P1040792-1024x684.jpg 1024w, https:\/\/unebonnemassesolaire.fr\/wp-content\/uploads\/2019\/05\/P1040792-738x493.jpg 738w, https:\/\/unebonnemassesolaire.fr\/wp-content\/uploads\/2019\/05\/P1040792-1458x973.jpg 1458w, https:\/\/unebonnemassesolaire.fr\/wp-content\/uploads\/2019\/05\/P1040792-996x665.jpg 996w, https:\/\/unebonnemassesolaire.fr\/wp-content\/uploads\/2019\/05\/P1040792-1992x1330.jpg 1992w\" sizes=\"(max-width: 300px) 100vw, 300px\" \/><\/a>\n\t\t\t<\/div><\/figure><figure class='gallery-item'>\n\t\t\t<div class='gallery-icon landscape'>\n\t\t\t\t<a href='https:\/\/unebonnemassesolaire.fr\/?attachment_id=175'><img width=\"300\" height=\"200\" src=\"https:\/\/unebonnemassesolaire.fr\/wp-content\/uploads\/2019\/05\/P1040796-300x200.jpg\" class=\"attachment-medium size-medium\" alt=\"\" loading=\"lazy\" srcset=\"https:\/\/unebonnemassesolaire.fr\/wp-content\/uploads\/2019\/05\/P1040796-300x200.jpg 300w, https:\/\/unebonnemassesolaire.fr\/wp-content\/uploads\/2019\/05\/P1040796-768x513.jpg 768w, https:\/\/unebonnemassesolaire.fr\/wp-content\/uploads\/2019\/05\/P1040796-1024x684.jpg 1024w, https:\/\/unebonnemassesolaire.fr\/wp-content\/uploads\/2019\/05\/P1040796-738x493.jpg 738w, https:\/\/unebonnemassesolaire.fr\/wp-content\/uploads\/2019\/05\/P1040796-1458x973.jpg 1458w, https:\/\/unebonnemassesolaire.fr\/wp-content\/uploads\/2019\/05\/P1040796-996x665.jpg 996w, https:\/\/unebonnemassesolaire.fr\/wp-content\/uploads\/2019\/05\/P1040796-1992x1330.jpg 1992w\" sizes=\"(max-width: 300px) 100vw, 300px\" \/><\/a>\n\t\t\t<\/div><\/figure><figure class='gallery-item'>\n\t\t\t<div class='gallery-icon portrait'>\n\t\t\t\t<a href='https:\/\/unebonnemassesolaire.fr\/?attachment_id=176'><img width=\"200\" height=\"300\" src=\"https:\/\/unebonnemassesolaire.fr\/wp-content\/uploads\/2019\/05\/P1040797-200x300.jpg\" class=\"attachment-medium size-medium\" alt=\"\" loading=\"lazy\" srcset=\"https:\/\/unebonnemassesolaire.fr\/wp-content\/uploads\/2019\/05\/P1040797-200x300.jpg 200w, https:\/\/unebonnemassesolaire.fr\/wp-content\/uploads\/2019\/05\/P1040797-768x1150.jpg 768w, https:\/\/unebonnemassesolaire.fr\/wp-content\/uploads\/2019\/05\/P1040797-684x1024.jpg 684w, https:\/\/unebonnemassesolaire.fr\/wp-content\/uploads\/2019\/05\/P1040797-738x1105.jpg 738w, https:\/\/unebonnemassesolaire.fr\/wp-content\/uploads\/2019\/05\/P1040797-1458x2184.jpg 1458w, https:\/\/unebonnemassesolaire.fr\/wp-content\/uploads\/2019\/05\/P1040797-996x1492.jpg 996w, https:\/\/unebonnemassesolaire.fr\/wp-content\/uploads\/2019\/05\/P1040797.jpg 1752w\" sizes=\"(max-width: 200px) 100vw, 200px\" \/><\/a>\n\t\t\t<\/div><\/figure><figure class='gallery-item'>\n\t\t\t<div class='gallery-icon portrait'>\n\t\t\t\t<a href='https:\/\/unebonnemassesolaire.fr\/?attachment_id=182'><img width=\"212\" height=\"300\" src=\"https:\/\/unebonnemassesolaire.fr\/wp-content\/uploads\/2019\/05\/protocole-1-212x300.jpg\" class=\"attachment-medium size-medium\" alt=\"\" loading=\"lazy\" srcset=\"https:\/\/unebonnemassesolaire.fr\/wp-content\/uploads\/2019\/05\/protocole-1-212x300.jpg 212w, https:\/\/unebonnemassesolaire.fr\/wp-content\/uploads\/2019\/05\/protocole-1.jpg 596w\" sizes=\"(max-width: 212px) 100vw, 212px\" \/><\/a>\n\t\t\t<\/div><\/figure><figure class='gallery-item'>\n\t\t\t<div class='gallery-icon landscape'>\n\t\t\t\t<a href='https:\/\/unebonnemassesolaire.fr\/?attachment_id=216'><img width=\"300\" height=\"300\" src=\"https:\/\/unebonnemassesolaire.fr\/wp-content\/uploads\/2019\/05\/zones3-300x300.jpg\" class=\"attachment-medium size-medium\" alt=\"\" loading=\"lazy\" srcset=\"https:\/\/unebonnemassesolaire.fr\/wp-content\/uploads\/2019\/05\/zones3-300x300.jpg 300w, https:\/\/unebonnemassesolaire.fr\/wp-content\/uploads\/2019\/05\/zones3-150x150.jpg 150w, https:\/\/unebonnemassesolaire.fr\/wp-content\/uploads\/2019\/05\/zones3-100x100.jpg 100w, https:\/\/unebonnemassesolaire.fr\/wp-content\/uploads\/2019\/05\/zones3.jpg 400w\" sizes=\"(max-width: 300px) 100vw, 300px\" \/><\/a>\n\t\t\t<\/div><\/figure>\n\t\t<\/div>\n\n","protected":false},"excerpt":{"rendered":"<p>r\u00e9sidence \u00e0 La Fonderie, Le mans, avril 2019 &nbsp; glissades, horizons et carapaces interroge le paysage contemporain dans ses formes de fragilit\u00e9s, d\u2019\u00e9rosions et de frottements pour en faire une recherche commune \u00e0 travers l\u2019\u00e9criture et la performance. Il y est question de diversit\u00e9 contamin\u00e9e, de frottements entre diff\u00e9rentes cultures, de basculements psychiques, de ruines &#8230;<\/p>\n","protected":false},"author":1,"featured_media":382,"comment_status":"closed","ping_status":"closed","template":"","meta":[],"portfolio-category":[6],"portfolio-tag":[18,9,8],"_links":{"self":[{"href":"https:\/\/unebonnemassesolaire.fr\/index.php?rest_route=\/wp\/v2\/portfolio\/172"}],"collection":[{"href":"https:\/\/unebonnemassesolaire.fr\/index.php?rest_route=\/wp\/v2\/portfolio"}],"about":[{"href":"https:\/\/unebonnemassesolaire.fr\/index.php?rest_route=\/wp\/v2\/types\/portfolio"}],"author":[{"embeddable":true,"href":"https:\/\/unebonnemassesolaire.fr\/index.php?rest_route=\/wp\/v2\/users\/1"}],"replies":[{"embeddable":true,"href":"https:\/\/unebonnemassesolaire.fr\/index.php?rest_route=%2Fwp%2Fv2%2Fcomments&post=172"}],"version-history":[{"count":34,"href":"https:\/\/unebonnemassesolaire.fr\/index.php?rest_route=\/wp\/v2\/portfolio\/172\/revisions"}],"predecessor-version":[{"id":219,"href":"https:\/\/unebonnemassesolaire.fr\/index.php?rest_route=\/wp\/v2\/portfolio\/172\/revisions\/219"}],"wp:featuredmedia":[{"embeddable":true,"href":"https:\/\/unebonnemassesolaire.fr\/index.php?rest_route=\/wp\/v2\/media\/382"}],"wp:attachment":[{"href":"https:\/\/unebonnemassesolaire.fr\/index.php?rest_route=%2Fwp%2Fv2%2Fmedia&parent=172"}],"wp:term":[{"taxonomy":"portfolio-category","embeddable":true,"href":"https:\/\/unebonnemassesolaire.fr\/index.php?rest_route=%2Fwp%2Fv2%2Fportfolio-category&post=172"},{"taxonomy":"portfolio-tag","embeddable":true,"href":"https:\/\/unebonnemassesolaire.fr\/index.php?rest_route=%2Fwp%2Fv2%2Fportfolio-tag&post=172"}],"curies":[{"name":"wp","href":"https:\/\/api.w.org\/{rel}","templated":true}]}}