{"id":94,"date":"2018-10-01T11:28:24","date_gmt":"2018-10-01T09:28:24","guid":{"rendered":"http:\/\/unebonnemassesolaire.fr\/?post_type=portfolio&#038;p=94"},"modified":"2021-10-17T21:49:27","modified_gmt":"2021-10-17T19:49:27","slug":"full-circle","status":"publish","type":"portfolio","link":"https:\/\/unebonnemassesolaire.fr\/?portfolio=full-circle","title":{"rendered":"full circle"},"content":{"rendered":"<div id='gallery-1' class='gallery galleryid-94 gallery-columns-3 gallery-size-medium'><figure class='gallery-item'>\n\t\t\t<div class='gallery-icon landscape'>\n\t\t\t\t<a href='https:\/\/unebonnemassesolaire.fr\/?attachment_id=109'><img width=\"300\" height=\"200\" src=\"https:\/\/unebonnemassesolaire.fr\/wp-content\/uploads\/2018\/10\/Cloe\u0301-1-sur-3-300x200.jpg\" class=\"attachment-medium size-medium\" alt=\"\" loading=\"lazy\" srcset=\"https:\/\/unebonnemassesolaire.fr\/wp-content\/uploads\/2018\/10\/Cloe\u0301-1-sur-3-300x200.jpg 300w, https:\/\/unebonnemassesolaire.fr\/wp-content\/uploads\/2018\/10\/Cloe\u0301-1-sur-3-768x512.jpg 768w, https:\/\/unebonnemassesolaire.fr\/wp-content\/uploads\/2018\/10\/Cloe\u0301-1-sur-3-1024x683.jpg 1024w, https:\/\/unebonnemassesolaire.fr\/wp-content\/uploads\/2018\/10\/Cloe\u0301-1-sur-3-738x492.jpg 738w, https:\/\/unebonnemassesolaire.fr\/wp-content\/uploads\/2018\/10\/Cloe\u0301-1-sur-3-1458x972.jpg 1458w, https:\/\/unebonnemassesolaire.fr\/wp-content\/uploads\/2018\/10\/Cloe\u0301-1-sur-3-996x664.jpg 996w, https:\/\/unebonnemassesolaire.fr\/wp-content\/uploads\/2018\/10\/Cloe\u0301-1-sur-3-1992x1328.jpg 1992w\" sizes=\"(max-width: 300px) 100vw, 300px\" \/><\/a>\n\t\t\t<\/div><\/figure><figure class='gallery-item'>\n\t\t\t<div class='gallery-icon landscape'>\n\t\t\t\t<a href='https:\/\/unebonnemassesolaire.fr\/?attachment_id=110'><img width=\"300\" height=\"200\" src=\"https:\/\/unebonnemassesolaire.fr\/wp-content\/uploads\/2018\/10\/Cloe\u0301-2-sur-3-300x200.jpg\" class=\"attachment-medium size-medium\" alt=\"\" loading=\"lazy\" srcset=\"https:\/\/unebonnemassesolaire.fr\/wp-content\/uploads\/2018\/10\/Cloe\u0301-2-sur-3-300x200.jpg 300w, https:\/\/unebonnemassesolaire.fr\/wp-content\/uploads\/2018\/10\/Cloe\u0301-2-sur-3-768x512.jpg 768w, https:\/\/unebonnemassesolaire.fr\/wp-content\/uploads\/2018\/10\/Cloe\u0301-2-sur-3-1024x683.jpg 1024w, https:\/\/unebonnemassesolaire.fr\/wp-content\/uploads\/2018\/10\/Cloe\u0301-2-sur-3-738x492.jpg 738w, https:\/\/unebonnemassesolaire.fr\/wp-content\/uploads\/2018\/10\/Cloe\u0301-2-sur-3-1458x972.jpg 1458w, https:\/\/unebonnemassesolaire.fr\/wp-content\/uploads\/2018\/10\/Cloe\u0301-2-sur-3-996x664.jpg 996w, https:\/\/unebonnemassesolaire.fr\/wp-content\/uploads\/2018\/10\/Cloe\u0301-2-sur-3-1992x1328.jpg 1992w\" sizes=\"(max-width: 300px) 100vw, 300px\" \/><\/a>\n\t\t\t<\/div><\/figure><figure class='gallery-item'>\n\t\t\t<div class='gallery-icon landscape'>\n\t\t\t\t<a href='https:\/\/unebonnemassesolaire.fr\/?attachment_id=111'><img width=\"300\" height=\"200\" src=\"https:\/\/unebonnemassesolaire.fr\/wp-content\/uploads\/2018\/10\/Cloe\u0301-3-sur-3-300x200.jpg\" class=\"attachment-medium size-medium\" alt=\"\" loading=\"lazy\" srcset=\"https:\/\/unebonnemassesolaire.fr\/wp-content\/uploads\/2018\/10\/Cloe\u0301-3-sur-3-300x200.jpg 300w, https:\/\/unebonnemassesolaire.fr\/wp-content\/uploads\/2018\/10\/Cloe\u0301-3-sur-3-768x512.jpg 768w, https:\/\/unebonnemassesolaire.fr\/wp-content\/uploads\/2018\/10\/Cloe\u0301-3-sur-3-1024x683.jpg 1024w, https:\/\/unebonnemassesolaire.fr\/wp-content\/uploads\/2018\/10\/Cloe\u0301-3-sur-3-738x492.jpg 738w, https:\/\/unebonnemassesolaire.fr\/wp-content\/uploads\/2018\/10\/Cloe\u0301-3-sur-3-1458x972.jpg 1458w, https:\/\/unebonnemassesolaire.fr\/wp-content\/uploads\/2018\/10\/Cloe\u0301-3-sur-3-996x664.jpg 996w, https:\/\/unebonnemassesolaire.fr\/wp-content\/uploads\/2018\/10\/Cloe\u0301-3-sur-3-1992x1328.jpg 1992w\" sizes=\"(max-width: 300px) 100vw, 300px\" \/><\/a>\n\t\t\t<\/div><\/figure>\n\t\t<\/div>\n\n<p><em>Lorsque vous regardez une forme, essayez toujours de voir ses lignes, celles qui ont influ\u00e9 sur sa destin\u00e9e pass\u00e9e et celles qui auront une influence sur son avenir. Ce sont ses lignes terribles, assurez-vous de les saisir, m\u00eame si vous manquez le reste.<\/em> (John Ruskin, <em>Elements of Drawing<\/em>)<\/p>\n<p>\u00c7a commence par la for\u00eat. \u00c7a commence par la lisi\u00e8re de la for\u00eat, l\u00e0 o\u00f9 la for\u00eat elle-m\u00eame commence. L\u00e0, les fronti\u00e8res sont floues : faune, flore, min\u00e9raux, ph\u00e9nom\u00e8nes climatiques cohabitent et engagent ensemble des strat\u00e9gies pour survivre et s&rsquo;adapter aux mutations de l&rsquo;environnement. A la lisi\u00e8re, on peut entendre ces histoires se croiser, s\u2019enchev\u00eatrer ; elles racontent comment composer avec la d\u00e9gradation, la ruine, les perturbations. Comment ne pas terminer, mais commencer encore.<\/p>\n<p>Et c\u2019est ce que nous vivons, chaque jour. Les mondes que nous habitons sont d\u00e9sormais tiss\u00e9s de nos histoires \u00e9conomiques, politiques et sociales\u00a0; les fronti\u00e8res entre activit\u00e9 humaine et activit\u00e9 naturelle s&rsquo;effacent jusque dans la composition des sols m\u00eame. \u00c0 cette nouvelle \u00e8re g\u00e9ologique s&rsquo;associent les risques et les d\u00e9sordres climatiques que causent l&rsquo;activit\u00e9 humaine\u00a0; le monde, les mondes que nous habitons sont devenus pr\u00e9caires, perp\u00e9tuellement menac\u00e9s de basculer dans l&rsquo;inconnu. Quels rep\u00e8res, alors, pour se construire, quand le pass\u00e9 gr\u00e8ve le pr\u00e9sent et que la possibilit\u00e9 m\u00eame de futurs est incertaine ? Comment faire de cette fragilit\u00e9 un guide pour des temps troubl\u00e9s ?<\/p>\n<p>Entre th\u00e9\u00e2tre, performance, musique et arts plastiques, <em>Full Circle<\/em> tente de r\u00e9pondre par des histoires d\u2019aujourd\u2019hui, collect\u00e9es entre r\u00e9el, po\u00e9sie et litt\u00e9rature scientifique. Les gestes et les perspectives du collectif une bonne masse solaire s\u2019entrem\u00ealent dans une s\u00e9rie de rituels scientifiques et d\u2019exercices sauvages. Tour d\u2019horizon des histoires contemporaines, et de ce que, peut-\u00eatre, elles peuvent pour changer notre monde.<\/p>\n<p><em>conception, musique :<\/em> Kaspar Tainturier-Fink<br \/>\n<em>avec :<\/em> Cl\u00e9ment Baudoin, Quentin Lacroix, Clo\u00e9 Last\u00e8re, Nina Villanova<br \/>\n<em>sc\u00e9nographie, costumes :<\/em> Emma Depoid<br \/>\n<em>lumi\u00e8re, son :<\/em> Hugo Hamman<br \/>\n<em>r\u00e9gie plateau, vid\u00e9o :<\/em> Valentin Dabbadie<br \/>\n<em>stagiaire costumes :<\/em> Selma Cronier<br \/>\n<em>avec la participation de<\/em> Valentin Kottelat <em>et<\/em> Pauline Lefebvre-Haudepin<\/p>\n<p><em>\u00e0 Ambivalence(s), \u00e0 la Com\u00e9die de Valence, les 21, 22, 23, 24 et 25 mai 2019<\/em><br \/>\n<em>aux 2 Sc\u00e8nes, \u00e0 Besan\u00e7on, du 15 au 17 octobre 2019<\/em><\/p>\n<p>Retrouvez <em>Full Circle<\/em> sur le blog de Jean-Pierre Thibaudat, critique pour Mediapart : <a href=\"https:\/\/blogs.mediapart.fr\/jean-pierre-thibaudat\/blog\/230519\/fils-retordre-manchots-exiles-et-cow-boys-de-mes-deux-balancent-pas-mal-valence\">Fils \u00e0 retordre, manchots exil\u00e9s et cow-boys de mes deux balancent pas mal \u00e0 Valence<\/a><\/p>\n<p><em>Production : une bonne masse solaire \/ Coproduction : Com\u00e9die de Valence, CDN Dr\u00f4me-Ard\u00e8che ; Les 2 Sc\u00e8nes, Sc\u00e8ne nationale de Besan\u00e7on ; La Fonderie &#8211; Le Mans \/ Soutien : Le Jeune th\u00e9\u00e2tre national ; L&rsquo;\u00c9cole de La Com\u00e9die de Saint-\u00c9tienne \u2013 DIESE # Auvergne-Rh\u00f4ne-Alpes ; \u00c9mergence \u2013 Ville de Besan\u00e7on ; R\u00e9gion Bourgogne-Franche-Comt\u00e9 ; Ville de Valence, service Espaces Verts et Nature en ville \/ Remerciements : Lyc\u00e9e Pasteur Mont-Roland ; compagnie Si Vous Pouviez L\u00e9cher Mon C\u0153ur ; Compagnie du Singe ; Jean-Louis Fernandez<\/em><\/p>\n<p>liens :<br \/>\n<a href=\"https:\/\/www.scenenationaledebesancon.fr\/spectacles\/full-circle\">les 2 Sc\u00e8nes, Besan\u00e7on<\/a><br \/>\n<a href=\"http:\/\/www.comediedevalence.com\/la-saison\/toute-la-saison-18-19\/pages-saison\/full-circle\/\">com\u00e9die de valence<\/a><\/p>\n<div id='gallery-2' class='gallery galleryid-94 gallery-columns-3 gallery-size-medium'><figure class='gallery-item'>\n\t\t\t<div class='gallery-icon landscape'>\n\t\t\t\t<a href='https:\/\/unebonnemassesolaire.fr\/?attachment_id=221'><img width=\"300\" height=\"200\" src=\"https:\/\/unebonnemassesolaire.fr\/wp-content\/uploads\/2019\/08\/FullCircle\u00a9JeanLouisFerndez-015-300x200.jpg\" class=\"attachment-medium size-medium\" alt=\"\" loading=\"lazy\" srcset=\"https:\/\/unebonnemassesolaire.fr\/wp-content\/uploads\/2019\/08\/FullCircle\u00a9JeanLouisFerndez-015-300x200.jpg 300w, https:\/\/unebonnemassesolaire.fr\/wp-content\/uploads\/2019\/08\/FullCircle\u00a9JeanLouisFerndez-015-768x512.jpg 768w, https:\/\/unebonnemassesolaire.fr\/wp-content\/uploads\/2019\/08\/FullCircle\u00a9JeanLouisFerndez-015-1024x683.jpg 1024w, https:\/\/unebonnemassesolaire.fr\/wp-content\/uploads\/2019\/08\/FullCircle\u00a9JeanLouisFerndez-015-738x492.jpg 738w, https:\/\/unebonnemassesolaire.fr\/wp-content\/uploads\/2019\/08\/FullCircle\u00a9JeanLouisFerndez-015-1458x972.jpg 1458w, https:\/\/unebonnemassesolaire.fr\/wp-content\/uploads\/2019\/08\/FullCircle\u00a9JeanLouisFerndez-015-996x664.jpg 996w, https:\/\/unebonnemassesolaire.fr\/wp-content\/uploads\/2019\/08\/FullCircle\u00a9JeanLouisFerndez-015-1992x1328.jpg 1992w\" sizes=\"(max-width: 300px) 100vw, 300px\" \/><\/a>\n\t\t\t<\/div><\/figure><figure class='gallery-item'>\n\t\t\t<div class='gallery-icon landscape'>\n\t\t\t\t<a href='https:\/\/unebonnemassesolaire.fr\/?attachment_id=226'><img width=\"300\" height=\"200\" src=\"https:\/\/unebonnemassesolaire.fr\/wp-content\/uploads\/2019\/08\/FullCircle\u00a9JeanLouisFerndez-049-300x200.jpg\" class=\"attachment-medium size-medium\" alt=\"\" loading=\"lazy\" srcset=\"https:\/\/unebonnemassesolaire.fr\/wp-content\/uploads\/2019\/08\/FullCircle\u00a9JeanLouisFerndez-049-300x200.jpg 300w, https:\/\/unebonnemassesolaire.fr\/wp-content\/uploads\/2019\/08\/FullCircle\u00a9JeanLouisFerndez-049-768x512.jpg 768w, https:\/\/unebonnemassesolaire.fr\/wp-content\/uploads\/2019\/08\/FullCircle\u00a9JeanLouisFerndez-049-1024x683.jpg 1024w, https:\/\/unebonnemassesolaire.fr\/wp-content\/uploads\/2019\/08\/FullCircle\u00a9JeanLouisFerndez-049-738x492.jpg 738w, https:\/\/unebonnemassesolaire.fr\/wp-content\/uploads\/2019\/08\/FullCircle\u00a9JeanLouisFerndez-049-1458x972.jpg 1458w, https:\/\/unebonnemassesolaire.fr\/wp-content\/uploads\/2019\/08\/FullCircle\u00a9JeanLouisFerndez-049-996x664.jpg 996w, https:\/\/unebonnemassesolaire.fr\/wp-content\/uploads\/2019\/08\/FullCircle\u00a9JeanLouisFerndez-049-1992x1328.jpg 1992w\" sizes=\"(max-width: 300px) 100vw, 300px\" \/><\/a>\n\t\t\t<\/div><\/figure><figure class='gallery-item'>\n\t\t\t<div class='gallery-icon landscape'>\n\t\t\t\t<a href='https:\/\/unebonnemassesolaire.fr\/?attachment_id=223'><img width=\"300\" height=\"200\" src=\"https:\/\/unebonnemassesolaire.fr\/wp-content\/uploads\/2019\/08\/FullCircle\u00a9JeanLouisFerndez-028-300x200.jpg\" class=\"attachment-medium size-medium\" alt=\"\" loading=\"lazy\" srcset=\"https:\/\/unebonnemassesolaire.fr\/wp-content\/uploads\/2019\/08\/FullCircle\u00a9JeanLouisFerndez-028-300x200.jpg 300w, https:\/\/unebonnemassesolaire.fr\/wp-content\/uploads\/2019\/08\/FullCircle\u00a9JeanLouisFerndez-028-768x512.jpg 768w, https:\/\/unebonnemassesolaire.fr\/wp-content\/uploads\/2019\/08\/FullCircle\u00a9JeanLouisFerndez-028-1024x683.jpg 1024w, https:\/\/unebonnemassesolaire.fr\/wp-content\/uploads\/2019\/08\/FullCircle\u00a9JeanLouisFerndez-028-738x492.jpg 738w, https:\/\/unebonnemassesolaire.fr\/wp-content\/uploads\/2019\/08\/FullCircle\u00a9JeanLouisFerndez-028-1458x972.jpg 1458w, https:\/\/unebonnemassesolaire.fr\/wp-content\/uploads\/2019\/08\/FullCircle\u00a9JeanLouisFerndez-028-996x664.jpg 996w, https:\/\/unebonnemassesolaire.fr\/wp-content\/uploads\/2019\/08\/FullCircle\u00a9JeanLouisFerndez-028-1992x1328.jpg 1992w\" sizes=\"(max-width: 300px) 100vw, 300px\" \/><\/a>\n\t\t\t<\/div><\/figure>\n\t\t<\/div>\n\n","protected":false},"excerpt":{"rendered":"<p>Lorsque vous regardez une forme, essayez toujours de voir ses lignes, celles qui ont influ\u00e9 sur sa destin\u00e9e pass\u00e9e et celles qui auront une influence sur son avenir. Ce sont ses lignes terribles, assurez-vous de les saisir, m\u00eame si vous manquez le reste. (John Ruskin, Elements of Drawing) \u00c7a commence par la for\u00eat. \u00c7a commence &#8230;<\/p>\n","protected":false},"author":1,"featured_media":381,"comment_status":"closed","ping_status":"closed","template":"","meta":[],"portfolio-category":[6],"portfolio-tag":[9,11,15],"_links":{"self":[{"href":"https:\/\/unebonnemassesolaire.fr\/index.php?rest_route=\/wp\/v2\/portfolio\/94"}],"collection":[{"href":"https:\/\/unebonnemassesolaire.fr\/index.php?rest_route=\/wp\/v2\/portfolio"}],"about":[{"href":"https:\/\/unebonnemassesolaire.fr\/index.php?rest_route=\/wp\/v2\/types\/portfolio"}],"author":[{"embeddable":true,"href":"https:\/\/unebonnemassesolaire.fr\/index.php?rest_route=\/wp\/v2\/users\/1"}],"replies":[{"embeddable":true,"href":"https:\/\/unebonnemassesolaire.fr\/index.php?rest_route=%2Fwp%2Fv2%2Fcomments&post=94"}],"version-history":[{"count":15,"href":"https:\/\/unebonnemassesolaire.fr\/index.php?rest_route=\/wp\/v2\/portfolio\/94\/revisions"}],"predecessor-version":[{"id":232,"href":"https:\/\/unebonnemassesolaire.fr\/index.php?rest_route=\/wp\/v2\/portfolio\/94\/revisions\/232"}],"wp:featuredmedia":[{"embeddable":true,"href":"https:\/\/unebonnemassesolaire.fr\/index.php?rest_route=\/wp\/v2\/media\/381"}],"wp:attachment":[{"href":"https:\/\/unebonnemassesolaire.fr\/index.php?rest_route=%2Fwp%2Fv2%2Fmedia&parent=94"}],"wp:term":[{"taxonomy":"portfolio-category","embeddable":true,"href":"https:\/\/unebonnemassesolaire.fr\/index.php?rest_route=%2Fwp%2Fv2%2Fportfolio-category&post=94"},{"taxonomy":"portfolio-tag","embeddable":true,"href":"https:\/\/unebonnemassesolaire.fr\/index.php?rest_route=%2Fwp%2Fv2%2Fportfolio-tag&post=94"}],"curies":[{"name":"wp","href":"https:\/\/api.w.org\/{rel}","templated":true}]}}